{"id":3658,"date":"2021-04-15T16:16:45","date_gmt":"2021-04-15T14:16:45","guid":{"rendered":"http:\/\/www.mslukov.cz\/?page_id=3658"},"modified":"2026-01-19T12:08:27","modified_gmt":"2026-01-19T10:08:27","slug":"kriteria-pro-zapis","status":"publish","type":"page","link":"https:\/\/www.mslukov.cz\/index.php\/kriteria-pro-zapis\/","title":{"rendered":"KRIT\u00c9RIA PRO Z\u00c1PIS"},"content":{"rendered":"\n<h3><strong>D\u011aT\u00cd K&nbsp;P\u0158ED\u0160KOLN\u00cdMU VZD\u011aL\u00c1V\u00c1N\u00cd DO MATE\u0158SK\u00c9 \u0160KOLY LUKOV&nbsp;OD \u0160KOLN\u00cdHO ROKU 2026\/2027<\/strong><\/h3>\n\n\n\n<p>V&nbsp;p\u0159ij\u00edmac\u00edm \u0159\u00edzen\u00ed jsou jednotliv\u00fdm uchaze\u010d\u016fm p\u0159id\u011blov\u00e1ny body dle stanoven\u00fdch krit\u00e9ri\u00ed. Po\u010det z\u00edskan\u00fdch bod\u016f ur\u010duje po\u0159ad\u00ed pro p\u0159ijet\u00ed a\u017e do vy\u010derp\u00e1n\u00ed voln\u00fdch m\u00edst mate\u0159sk\u00e9 \u0161koly.<\/p>\n\n\n\n<figure class=\"wp-block-table is-style-regular\"><table><tbody><tr><td>&nbsp;<\/td><td>KRIT\u00c9RIUM<\/td><td class=\"has-text-align-center\" data-align=\"center\">PO\u010cET BOD\u016e<\/td><\/tr><tr><td><strong>1<\/strong><\/td><td><strong>D\u00edt\u011b pat\u0159\u00ed sv\u00fdm trval\u00fdm pobytem v&nbsp;obci Lukov do \u0161kolsk\u00e9ho sp\u00e1dov\u00e9ho obvodu Mate\u0159sk\u00e9 \u0161koly Lukov a bude od 1.9.2026 plnit povinn\u00e9 p\u0159ed\u0161koln\u00ed vzd\u011bl\u00e1v\u00e1n\u00ed dle \u0161kolsk\u00e9ho z\u00e1kona.<\/strong><\/td><td class=\"has-text-align-center\" data-align=\"center\"><strong>200<\/strong><\/td><\/tr><tr><td><strong>2<\/strong><\/td><td><strong>D\u00edt\u011b pat\u0159\u00ed sv\u00fdm trval\u00fdm pobytem v&nbsp;obci Lukov do \u0161kolsk\u00e9ho sp\u00e1dov\u00e9ho obvodu Mate\u0159sk\u00e9 \u0161koly Lukov.<\/strong><\/td><td class=\"has-text-align-center\" data-align=\"center\"><strong>100<\/strong><\/td><\/tr><tr><td><strong>3<\/strong><\/td><td><strong>D\u00edt\u011b dovr\u0161\u00ed k&nbsp;31.8.2026 nejm\u00e9n\u011b \u010dty\u0159 let v\u011bku<\/strong><\/td><td class=\"has-text-align-center\" data-align=\"center\"><strong>50<\/strong><\/td><\/tr><tr><td>4<\/td><td><strong><strong>D\u00edt\u011b dovr\u0161\u00ed k&nbsp;31.8.2026 nejm\u00e9n\u011b t\u0159\u00ed let v\u011bku<\/strong><\/strong><\/td><td class=\"has-text-align-center\" data-align=\"center\"><strong>20<\/strong><\/td><\/tr><tr><td>5<\/td><td><strong>D\u00edt\u011b m\u00e1 ve \u0161koln\u00edm roce 2026\/2027 sourozence v Mate\u0159sk\u00e9 \u0161kole Lukov<\/strong><\/td><td class=\"has-text-align-center\" data-align=\"center\"><strong>10<\/strong><\/td><\/tr><\/tbody><\/table><\/figure>\n\n\n\n<p><strong>D\u00edt\u011b mlad\u0161\u00ed t\u0159\u00ed let k&nbsp;1.9.2026 nem\u00e1 na vzd\u011bl\u00e1v\u00e1n\u00ed v&nbsp;mate\u0159sk\u00e9 \u0161kole pr\u00e1vn\u00ed n\u00e1rok.<\/strong><\/p>\n\n\n\n<p>V&nbsp;p\u0159ij\u00edmac\u00edm \u0159\u00edzen\u00ed jsou jednotliv\u00fdm uchaze\u010d\u016fm p\u0159id\u011blov\u00e1ny body dle stanoven\u00fdch krit\u00e9ri\u00ed. Po\u010det z\u00edskan\u00fdch bod\u016f ur\u010duje po\u0159ad\u00ed pro p\u0159ijet\u00ed a\u017e do vy\u010derp\u00e1n\u00ed voln\u00fdch m\u00edst mate\u0159sk\u00e9 \u0161koly.<\/p>\n\n\n\n<p>Pomocn\u00e9 krit\u00e9rium:<\/p>\n\n\n\n<ul><li><strong>V&nbsp;p\u0159\u00edpad\u011b stejn\u00e9ho po\u010dtu bod\u016f je ur\u010deno po\u0159ad\u00ed losov\u00e1n\u00edm 20.4.2026 v&nbsp;kancel\u00e1\u0159i \u0159editelky za \u00fa\u010dasti dvou sv\u011bdk\u016f.<\/strong><\/li><\/ul>\n\n\n<p><strong>Term\u00edn pro nahl\u00e9dnut\u00ed do spisu&nbsp;k dopln\u011bn\u00ed nezbytn\u00fdch \u00fadaj\u016f ovliv\u0148uj\u00edc\u00edch z\u00e1pis je stanoven na 17. dubna 2026 v&nbsp;dob\u011b mezi 10 a 11hodinou.<\/strong><\/p>\n\n\n<p class=\"has-text-align-right\">v&nbsp;Lukov\u011b, dne 19.1.2026<\/p>\n","protected":false},"excerpt":{"rendered":"<p>D\u011aT\u00cd K&nbsp;P\u0158ED\u0160KOLN\u00cdMU VZD\u011aL\u00c1V\u00c1N\u00cd DO MATE\u0158SK\u00c9 \u0160KOLY LUKOV&nbsp;OD \u0160KOLN\u00cdHO ROKU 2026\/2027 V&nbsp;p\u0159ij\u00edmac\u00edm \u0159\u00edzen\u00ed jsou jednotliv\u00fdm uchaze\u010d\u016fm p\u0159id\u011blov\u00e1ny body dle stanoven\u00fdch krit\u00e9ri\u00ed. Po\u010det z\u00edskan\u00fdch bod\u016f ur\u010duje po\u0159ad\u00ed pro p\u0159ijet\u00ed a\u017e do vy\u010derp\u00e1n\u00ed voln\u00fdch m\u00edst mate\u0159sk\u00e9 \u0161koly. &nbsp; KRIT\u00c9RIUM PO\u010cET BOD\u016e 1 D\u00edt\u011b pat\u0159\u00ed sv\u00fdm trval\u00fdm pobytem v&nbsp;obci Lukov do \u0161kolsk\u00e9ho sp\u00e1dov\u00e9ho obvodu Mate\u0159sk\u00e9 \u0161koly Lukov a bude [&hellip;]<\/p>\n","protected":false},"author":2,"featured_media":0,"parent":0,"menu_order":0,"comment_status":"closed","ping_status":"closed","template":"","meta":[],"_links":{"self":[{"href":"https:\/\/www.mslukov.cz\/index.php\/wp-json\/wp\/v2\/pages\/3658"}],"collection":[{"href":"https:\/\/www.mslukov.cz\/index.php\/wp-json\/wp\/v2\/pages"}],"about":[{"href":"https:\/\/www.mslukov.cz\/index.php\/wp-json\/wp\/v2\/types\/page"}],"author":[{"embeddable":true,"href":"https:\/\/www.mslukov.cz\/index.php\/wp-json\/wp\/v2\/users\/2"}],"replies":[{"embeddable":true,"href":"https:\/\/www.mslukov.cz\/index.php\/wp-json\/wp\/v2\/comments?post=3658"}],"version-history":[{"count":10,"href":"https:\/\/www.mslukov.cz\/index.php\/wp-json\/wp\/v2\/pages\/3658\/revisions"}],"predecessor-version":[{"id":7412,"href":"https:\/\/www.mslukov.cz\/index.php\/wp-json\/wp\/v2\/pages\/3658\/revisions\/7412"}],"wp:attachment":[{"href":"https:\/\/www.mslukov.cz\/index.php\/wp-json\/wp\/v2\/media?parent=3658"}],"curies":[{"name":"wp","href":"https:\/\/api.w.org\/{rel}","templated":true}]}}